{"id":4026,"date":"2017-04-04T16:41:13","date_gmt":"2017-04-04T14:41:13","guid":{"rendered":"https:\/\/fondation-pvsyst.org\/preprod\/aktuelles\/vorausschauende-mission-in-senegal-sept-2016\/"},"modified":"2024-06-27T11:21:55","modified_gmt":"2024-06-27T09:21:55","slug":"vorausschauende-mission-in-senegal-sept-2016","status":"publish","type":"page","link":"https:\/\/fondation-pvsyst.org\/de\/aktuelles\/vorausschauende-mission-in-senegal-sept-2016\/","title":{"rendered":"Vorausschauende Mission in Senegal, Sept. 2016"},"content":{"rendered":"<div id=\"pl-4026\"  class=\"panel-layout\" ><div id=\"pg-4026-0\"  class=\"panel-grid panel-has-style\" ><div class=\"siteorigin-panels-stretch panel-row-style panel-row-style-for-4026-0\" data-stretch-type=\"full-width-stretch\" ><div id=\"pgc-4026-0-0\"  class=\"panel-grid-cell\" ><div id=\"panel-4026-0-0-0\" class=\"so-panel widget widget_sow-hero panel-first-child panel-last-child\" data-index=\"0\" ><div\n\t\t\t\n\t\t\tclass=\"so-widget-sow-hero so-widget-sow-hero-default-9fcae408f7e6-4026 so-widget-fittext-wrapper\"\n\t\t\t data-fit-text-compressor=\"0.85\"\n\t\t>\t\t\t\t<div class=\"sow-slider-base\" style=\"display: none\" tabindex=\"0\">\n\t\t\t\t\t<ul\n\t\t\t\t\tclass=\"sow-slider-images\"\n\t\t\t\t\tdata-settings=\"{&quot;pagination&quot;:true,&quot;speed&quot;:800,&quot;timeout&quot;:8000,&quot;paused&quot;:false,&quot;pause_on_hover&quot;:false,&quot;swipe&quot;:true,&quot;nav_always_show_desktop&quot;:&quot;&quot;,&quot;nav_always_show_mobile&quot;:&quot;&quot;,&quot;breakpoint&quot;:&quot;780px&quot;,&quot;unmute&quot;:false,&quot;anchor&quot;:null}\"\n\t\t\t\t\tstyle=\"min-height: 300px\"\t\t\t\t\tdata-anchor-id=\"\"\n\t\t\t\t>\t\t<li class=\"sow-slider-image  sow-slider-image-cover\" style=\"visibility: visible;;background-color: #333333;background-image: url(https:\/\/fondation-pvsyst.org\/wp-content\/uploads\/2017\/04\/Commune-de-Bamba-S\u00e9n\u00e9gal-4-e1491471509373.jpg)\" >\n\t\t\t\t\t<div class=\"sow-slider-image-container\">\n\t\t\t<div class=\"sow-slider-image-wrapper\">\n\t\t\t\t<h1 style=\"text-align: center\">Nachrichten<\/h1>\n\t\t\t<\/div>\n\t\t<\/div>\n\t\t\t\t<\/li>\n\t\t\t\t<li class=\"sow-slider-image  sow-slider-image-cover\" style=\"visibility: hidden;;background-color: #333333\" data-background=\"url(https:\/\/fondation-pvsyst.org\/wp-content\/uploads\/2017\/04\/Commune-de-Bamba-S\u00e9n\u00e9gal-2-e1491471470709.jpg)\" >\n\t\t\t\t\t<div class=\"sow-slider-image-container\">\n\t\t\t<div class=\"sow-slider-image-wrapper\">\n\t\t\t\t<h1 style=\"text-align: center\">Nachrichten<\/h1>\n\t\t\t<\/div>\n\t\t<\/div>\n\t\t\t\t<\/li>\n\t\t\t\t<li class=\"sow-slider-image  sow-slider-image-cover\" style=\"visibility: hidden;;background-color: #333333\" data-background=\"url(https:\/\/fondation-pvsyst.org\/wp-content\/uploads\/2017\/04\/Commune-de-Djiddah-Thiaroye-S\u00e9n\u00e9gal-1-e1491471605121.jpg)\" >\n\t\t\t\t\t<div class=\"sow-slider-image-container\">\n\t\t\t<div class=\"sow-slider-image-wrapper\">\n\t\t\t\t<h1 style=\"text-align: center\">Nachrichten<\/h1>\n<h6 style=\"text-align: center\"><span style=\"color: #e8e6e6\">\u00a0<\/span><\/h6>\n\t\t\t<\/div>\n\t\t<\/div>\n\t\t\t\t<\/li>\n\t\t\t\t<li class=\"sow-slider-image  sow-slider-image-cover\" style=\"visibility: hidden;;background-color: #333333\" data-background=\"url(https:\/\/fondation-pvsyst.org\/wp-content\/uploads\/2017\/04\/Commune-de-Djiddah-Thiaroye-S\u00e9n\u00e9gal-2-e1491471627179.jpg)\" >\n\t\t\t\t\t<div class=\"sow-slider-image-container\">\n\t\t\t<div class=\"sow-slider-image-wrapper\">\n\t\t\t\t<h1 style=\"text-align: center\">Nachrichten<\/h1>\n<h6 style=\"text-align: center\"><span style=\"color: #e8e6e6\">\u00a0<\/span><\/h6>\n\t\t\t<\/div>\n\t\t<\/div>\n\t\t\t\t<\/li>\n\t\t<\/ul>\t\t\t\t<ol class=\"sow-slider-pagination\">\n\t\t\t\t\t\t\t\t\t\t\t<li><a href=\"#\" data-goto=\"0\" aria-label=\"Display slide 1\"><\/a><\/li>\n\t\t\t\t\t\t\t\t\t\t\t<li><a href=\"#\" data-goto=\"1\" aria-label=\"Display slide 2\"><\/a><\/li>\n\t\t\t\t\t\t\t\t\t\t\t<li><a href=\"#\" data-goto=\"2\" aria-label=\"Display slide 3\"><\/a><\/li>\n\t\t\t\t\t\t\t\t\t\t\t<li><a href=\"#\" data-goto=\"3\" aria-label=\"Display slide 4\"><\/a><\/li>\n\t\t\t\t\t\t\t\t\t<\/ol>\n\n\t\t\t\t<div class=\"sow-slide-nav sow-slide-nav-next\">\n\t\t\t\t\t<a href=\"#\" data-goto=\"next\" aria-label=\"Next slide\" data-action=\"next\">\n\t\t\t\t\t\t<em class=\"sow-sld-icon-thin-right\"><\/em>\n\t\t\t\t\t<\/a>\n\t\t\t\t<\/div>\n\n\t\t\t\t<div class=\"sow-slide-nav sow-slide-nav-prev\">\n\t\t\t\t\t<a href=\"#\" data-goto=\"previous\" aria-label=\"Previous slide\" data-action=\"prev\">\n\t\t\t\t\t\t<em class=\"sow-sld-icon-thin-left\"><\/em>\n\t\t\t\t\t<\/a>\n\t\t\t\t<\/div>\n\t\t\t\t<\/div><\/div><\/div><\/div><\/div><\/div><div id=\"pg-4026-1\"  class=\"panel-grid panel-no-style\" ><div id=\"pgc-4026-1-0\"  class=\"panel-grid-cell\" ><div id=\"panel-4026-1-0-0\" class=\"so-panel widget widget_sow-headline panel-first-child\" data-index=\"1\" ><div\n\t\t\t\n\t\t\tclass=\"so-widget-sow-headline so-widget-sow-headline-default-dba2bded3f0e-4026\"\n\t\t\t\n\t\t><div class=\"sow-headline-container \">\n\t\t\t\t\t\t\t<h4 class=\"sow-headline\">\n\t\t\t\t\t\t<b>Vorausschauende Mission in Senegal, Sept. 2016<\/b>\t\t\t\t\t\t<\/h4>\n\t\t\t\t\t\t\t\t\t\t\t<div class=\"decoration\">\n\t\t\t\t\t\t<div class=\"decoration-inside\"><\/div>\n\t\t\t\t\t<\/div>\n\t\t\t\t\t<\/div>\n<\/div><\/div><div id=\"panel-4026-1-0-1\" class=\"so-panel widget widget_sow-editor panel-last-child\" data-index=\"2\" ><div\n\t\t\t\n\t\t\tclass=\"so-widget-sow-editor so-widget-sow-editor-base\"\n\t\t\t\n\t\t>\n<div class=\"siteorigin-widget-tinymce textwidget\">\n\t<p style=\"text-align: justify;\">Die Vorsitzende der PVSYST-Stiftung und der Projektmanager f\u00fchrten eine Mission durch, um die M\u00f6glichkeiten und Grenzen der PVSYST-Stiftung f\u00fcr Interventionen im Senegal zu identifizieren.<\/p>\n<p style=\"text-align: justify;\">Die Reise f\u00fchrte zu Treffen mit Akteuren der dezentralisierten Zusammenarbeit in Saint Louis (<a href=\"https:\/\/www.lepartenariat.org\" target=\"_blank\" rel=\"noopener\">Le Partenariat<\/a>), Fatick (<a href=\"https:\/\/id-ong.org\/\" target=\"_blank\" rel=\"noopener\">Initiatives et D\u00e9veloppement<\/a>), sozialen Unternehmen im l\u00e4ndlichen Raum (Kayer, Sopreef), Ausbildungszentren (La Ferme de Kaydara, CIFOP) und Akteuren im Energie- und Umweltsektor (<a href=\"https:\/\/www.geres.eu\/\" target=\"_blank\" rel=\"noopener\">GERES<\/a>).<\/p>\n<p style=\"text-align: justify;\">Auf der Grundlage der gesammelten Informationen, der vergangenen und laufenden Aktionen sowie der ge\u00e4u\u00dferten Bed\u00fcrfnisse beabsichtigt die PVSYST-Stiftung, ihre Aktivit\u00e4ten in einem l\u00e4ndlichen Gebiet zun\u00e4chst auf die Ausbildung und Integration im Bereich der erneuerbaren Energien, insbesondere der Photovoltaik, zu konzentrieren.<\/p>\n<\/div>\n<\/div><\/div><\/div><\/div><div id=\"pg-4026-2\"  class=\"panel-grid panel-no-style\" ><div id=\"pgc-4026-2-0\"  class=\"panel-grid-cell panel-grid-cell-empty\" ><\/div><div id=\"pgc-4026-2-1\"  class=\"panel-grid-cell panel-grid-cell-mobile-last\" ><div id=\"panel-4026-2-1-0\" class=\"so-panel widget widget_sow-hero panel-first-child panel-last-child\" data-index=\"3\" ><div\n\t\t\t\n\t\t\tclass=\"so-widget-sow-hero so-widget-sow-hero-default-f1554218f3fa-4026 so-widget-fittext-wrapper\"\n\t\t\t data-fit-text-compressor=\"0.85\"\n\t\t>\t\t\t\t<div class=\"sow-slider-base\" style=\"display: none\" tabindex=\"0\">\n\t\t\t\t\t<ul\n\t\t\t\t\tclass=\"sow-slider-images\"\n\t\t\t\t\tdata-settings=\"{&quot;pagination&quot;:true,&quot;speed&quot;:800,&quot;timeout&quot;:8000,&quot;paused&quot;:false,&quot;pause_on_hover&quot;:false,&quot;swipe&quot;:true,&quot;nav_always_show_desktop&quot;:&quot;&quot;,&quot;nav_always_show_mobile&quot;:&quot;&quot;,&quot;breakpoint&quot;:&quot;780px&quot;,&quot;unmute&quot;:false,&quot;anchor&quot;:null}\"\n\t\t\t\t\tstyle=\"min-height: 400px\"\t\t\t\t\tdata-anchor-id=\"\"\n\t\t\t\t>\t\t<li class=\"sow-slider-image  sow-slider-image-cover\" style=\"visibility: visible;;background-color: #333333;background-image: url(https:\/\/fondation-pvsyst.org\/wp-content\/uploads\/2017\/04\/SNG_M1_tele_solaire.jpg)\" >\n\t\t\t\t\t<div class=\"sow-slider-image-container\">\n\t\t\t<div class=\"sow-slider-image-wrapper\">\n\t\t\t\t<h6 style=\"text-align: center\"><span style=\"color: #000000\">Solarsystem f\u00fcr den Hausgebrauch, Gemeinde Thi\u00e8s, Senegal<\/span><\/h6>\t\t\t<\/div>\n\t\t<\/div>\n\t\t\t\t<\/li>\n\t\t\t\t<li class=\"sow-slider-image  sow-slider-image-cover\" style=\"visibility: hidden;;background-color: #333333\" data-background=\"url(https:\/\/fondation-pvsyst.org\/wp-content\/uploads\/2017\/04\/SNG_M1_adduction_eau.jpg)\" >\n\t\t\t\t\t<div class=\"sow-slider-image-container\">\n\t\t\t<div class=\"sow-slider-image-wrapper\">\n\t\t\t\t<h6 style=\"text-align: center\"><span style=\"color: #000000\">D\u00f6rfliche Wasserversorgung, Gemeinde Thi\u00e8s, Senegal<\/span><\/h6>\t\t\t<\/div>\n\t\t<\/div>\n\t\t\t\t<\/li>\n\t\t\t\t<li class=\"sow-slider-image  sow-slider-image-cover\" style=\"visibility: hidden;;background-color: #333333\" data-background=\"url(https:\/\/fondation-pvsyst.org\/wp-content\/uploads\/2017\/04\/SNG_M1_centre_formation.jpg)\" >\n\t\t\t\t\t<div class=\"sow-slider-image-container\">\n\t\t\t<div class=\"sow-slider-image-wrapper\">\n\t\t\t\t<h6 style=\"text-align: center\"><span style=\"color: #e8e6e6\"><span style=\"color: #ffffff\">Centre de formation aux m\u00e9tiers de la menuiserie bois, CIFOP, Senegal<\/span><br> <\/span><\/h6>\t\t\t<\/div>\n\t\t<\/div>\n\t\t\t\t<\/li>\n\t\t\t\t<li class=\"sow-slider-image  sow-slider-image-cover\" style=\"visibility: hidden;;background-color: #333333\" data-background=\"url(https:\/\/fondation-pvsyst.org\/wp-content\/uploads\/2017\/04\/SNG_M1_recharge_batterie.jpg)\" >\n\t\t\t\t\t<div class=\"sow-slider-image-container\">\n\t\t\t<div class=\"sow-slider-image-wrapper\">\n\t\t\t\t<h6 style=\"text-align: center\"><span style=\"color: #e8e6e6\"><span style=\"color: #000000\">Solaranlage, Gemeinde Diagl\u00e9, Region Fatick, Senegal<\/span><br><\/span><\/h6>\t\t\t<\/div>\n\t\t<\/div>\n\t\t\t\t<\/li>\n\t\t\t\t<li class=\"sow-slider-image  sow-slider-image-cover\" style=\"visibility: hidden;;background-color: #333333\" data-background=\"url(https:\/\/fondation-pvsyst.org\/wp-content\/uploads\/2017\/04\/SNG_M1_champ_ecole.jpg)\" >\n\t\t\t\t\t<div class=\"sow-slider-image-container\">\n\t\t\t<div class=\"sow-slider-image-wrapper\">\n\t\t\t\t<h6 style=\"text-align: center\"><span style=\"color: #e8e6e6\"><span style=\"color: #ffffff\">Schulfeld, agrar\u00f6kologische Farm Kaydara, Senegal<\/span><br> <\/span><\/h6>\t\t\t<\/div>\n\t\t<\/div>\n\t\t\t\t<\/li>\n\t\t<\/ul>\t\t\t\t<ol class=\"sow-slider-pagination\">\n\t\t\t\t\t\t\t\t\t\t\t<li><a href=\"#\" data-goto=\"0\" aria-label=\"Display slide 1\"><\/a><\/li>\n\t\t\t\t\t\t\t\t\t\t\t<li><a href=\"#\" data-goto=\"1\" aria-label=\"Display slide 2\"><\/a><\/li>\n\t\t\t\t\t\t\t\t\t\t\t<li><a href=\"#\" data-goto=\"2\" aria-label=\"Display slide 3\"><\/a><\/li>\n\t\t\t\t\t\t\t\t\t\t\t<li><a href=\"#\" data-goto=\"3\" aria-label=\"Display slide 4\"><\/a><\/li>\n\t\t\t\t\t\t\t\t\t\t\t<li><a href=\"#\" data-goto=\"4\" aria-label=\"Display slide 5\"><\/a><\/li>\n\t\t\t\t\t\t\t\t\t<\/ol>\n\n\t\t\t\t<div class=\"sow-slide-nav sow-slide-nav-next\">\n\t\t\t\t\t<a href=\"#\" data-goto=\"next\" aria-label=\"Next slide\" data-action=\"next\">\n\t\t\t\t\t\t<em class=\"sow-sld-icon-thin-right\"><\/em>\n\t\t\t\t\t<\/a>\n\t\t\t\t<\/div>\n\n\t\t\t\t<div class=\"sow-slide-nav sow-slide-nav-prev\">\n\t\t\t\t\t<a href=\"#\" data-goto=\"previous\" aria-label=\"Previous slide\" data-action=\"prev\">\n\t\t\t\t\t\t<em class=\"sow-sld-icon-thin-left\"><\/em>\n\t\t\t\t\t<\/a>\n\t\t\t\t<\/div>\n\t\t\t\t<\/div><\/div><\/div><\/div><div id=\"pgc-4026-2-2\"  class=\"panel-grid-cell panel-grid-cell-empty\" ><\/div><\/div><\/div>","protected":false},"excerpt":{"rendered":"<p>Die Vorsitzende der PVSYST-Stiftung und der Projektmanager f\u00fchrten eine Mission durch, um die M\u00f6glichkeiten und Grenzen der PVSYST-Stiftung f\u00fcr Interventionen im Senegal zu identifizieren. Die Reise f\u00fchrte zu Treffen mit Akteuren der dezentralisierten Zusammenarbeit in Saint Louis (Le Partenariat), Fatick (Initiatives et D\u00e9veloppement), sozialen Unternehmen im l\u00e4ndlichen Raum (Kayer, Sopreef), Ausbildungszentren (La Ferme de Kaydara,<\/p>\n","protected":false},"author":1,"featured_media":0,"parent":1558,"menu_order":0,"comment_status":"closed","ping_status":"closed","template":"","meta":{"footnotes":""},"class_list":["post-4026","page","type-page","status-publish","hentry"],"_links":{"self":[{"href":"https:\/\/fondation-pvsyst.org\/de\/wp-json\/wp\/v2\/pages\/4026","targetHints":{"allow":["GET"]}}],"collection":[{"href":"https:\/\/fondation-pvsyst.org\/de\/wp-json\/wp\/v2\/pages"}],"about":[{"href":"https:\/\/fondation-pvsyst.org\/de\/wp-json\/wp\/v2\/types\/page"}],"author":[{"embeddable":true,"href":"https:\/\/fondation-pvsyst.org\/de\/wp-json\/wp\/v2\/users\/1"}],"replies":[{"embeddable":true,"href":"https:\/\/fondation-pvsyst.org\/de\/wp-json\/wp\/v2\/comments?post=4026"}],"version-history":[{"count":3,"href":"https:\/\/fondation-pvsyst.org\/de\/wp-json\/wp\/v2\/pages\/4026\/revisions"}],"predecessor-version":[{"id":4094,"href":"https:\/\/fondation-pvsyst.org\/de\/wp-json\/wp\/v2\/pages\/4026\/revisions\/4094"}],"up":[{"embeddable":true,"href":"https:\/\/fondation-pvsyst.org\/de\/wp-json\/wp\/v2\/pages\/1558"}],"wp:attachment":[{"href":"https:\/\/fondation-pvsyst.org\/de\/wp-json\/wp\/v2\/media?parent=4026"}],"curies":[{"name":"wp","href":"https:\/\/api.w.org\/{rel}","templated":true}]}}