{"id":3989,"date":"2019-03-14T09:12:49","date_gmt":"2019-03-14T08:12:49","guid":{"rendered":"https:\/\/fondation-pvsyst.org\/preprod\/aktuelles\/fertigstellung-des-ausbildungsrahmenplans-november-2018\/"},"modified":"2024-06-27T09:41:15","modified_gmt":"2024-06-27T07:41:15","slug":"fertigstellung-des-ausbildungsrahmenplans-november-2018","status":"publish","type":"page","link":"https:\/\/fondation-pvsyst.org\/de\/aktuelles\/fertigstellung-des-ausbildungsrahmenplans-november-2018\/","title":{"rendered":"Fertigstellung des Ausbildungsrahmenplans, November 2018"},"content":{"rendered":"<div id=\"pl-3989\"  class=\"panel-layout\" ><div id=\"pg-3989-0\"  class=\"panel-grid panel-has-style\" ><div class=\"siteorigin-panels-stretch panel-row-style panel-row-style-for-3989-0\" data-stretch-type=\"full-width-stretch\" ><div id=\"pgc-3989-0-0\"  class=\"panel-grid-cell\" ><div id=\"panel-3989-0-0-0\" class=\"so-panel widget widget_sow-hero panel-first-child panel-last-child\" data-index=\"0\" ><div\n\t\t\t\n\t\t\tclass=\"so-widget-sow-hero so-widget-sow-hero-default-78d99ccfba76-3989 so-widget-fittext-wrapper\"\n\t\t\t data-fit-text-compressor=\"0.85\"\n\t\t>\t\t\t\t<div class=\"sow-slider-base\" style=\"display: none\" tabindex=\"0\">\n\t\t\t\t\t<ul\n\t\t\t\t\tclass=\"sow-slider-images\"\n\t\t\t\t\tdata-settings=\"{&quot;pagination&quot;:true,&quot;speed&quot;:800,&quot;timeout&quot;:8000,&quot;paused&quot;:false,&quot;pause_on_hover&quot;:false,&quot;swipe&quot;:true,&quot;nav_always_show_desktop&quot;:&quot;&quot;,&quot;nav_always_show_mobile&quot;:&quot;&quot;,&quot;breakpoint&quot;:&quot;780px&quot;,&quot;unmute&quot;:false,&quot;anchor&quot;:null}\"\n\t\t\t\t\tstyle=\"min-height: 300px\"\t\t\t\t\tdata-anchor-id=\"\"\n\t\t\t\t>\t\t<li class=\"sow-slider-image  sow-slider-image-cover\" style=\"visibility: visible;;background-color: #333333;background-image: url(https:\/\/fondation-pvsyst.org\/wp-content\/uploads\/2017\/02\/copie-0_classe_ecole_kemena_site.jpg)\" >\n\t\t\t\t\t<div class=\"sow-slider-image-container\">\n\t\t\t<div class=\"sow-slider-image-wrapper\">\n\t\t\t\t<h1 style=\"text-align: center\">Nachrichten<\/h1>\t\t\t<\/div>\n\t\t<\/div>\n\t\t\t\t<\/li>\n\t\t\t\t<li class=\"sow-slider-image  sow-slider-image-cover\" style=\"visibility: hidden;;background-color: #333333\" data-background=\"url(https:\/\/fondation-pvsyst.org\/wp-content\/uploads\/2017\/04\/Commune-de-Djiddah-Thiaroye-S\u00e9n\u00e9gal-2-e1491471627179.jpg)\" >\n\t\t\t\t\t<div class=\"sow-slider-image-container\">\n\t\t\t<div class=\"sow-slider-image-wrapper\">\n\t\t\t\t<h1 style=\"text-align: center\">Nachrichten<\/h1>\n\t\t\t<\/div>\n\t\t<\/div>\n\t\t\t\t<\/li>\n\t\t\t\t<li class=\"sow-slider-image  sow-slider-image-cover\" style=\"visibility: hidden;;background-color: #333333\" data-background=\"url(https:\/\/fondation-pvsyst.org\/wp-content\/uploads\/2017\/04\/Commune-de-Bamba-S\u00e9n\u00e9gal-4-e1491471509373.jpg)\" >\n\t\t\t\t\t<div class=\"sow-slider-image-container\">\n\t\t\t<div class=\"sow-slider-image-wrapper\">\n\t\t\t\t<h1 style=\"text-align: center\">Nachrichten<\/h1>\n\t\t\t<\/div>\n\t\t<\/div>\n\t\t\t\t<\/li>\n\t\t<\/ul>\t\t\t\t<ol class=\"sow-slider-pagination\">\n\t\t\t\t\t\t\t\t\t\t\t<li><a href=\"#\" data-goto=\"0\" aria-label=\"Display slide 1\"><\/a><\/li>\n\t\t\t\t\t\t\t\t\t\t\t<li><a href=\"#\" data-goto=\"1\" aria-label=\"Display slide 2\"><\/a><\/li>\n\t\t\t\t\t\t\t\t\t\t\t<li><a href=\"#\" data-goto=\"2\" aria-label=\"Display slide 3\"><\/a><\/li>\n\t\t\t\t\t\t\t\t\t<\/ol>\n\n\t\t\t\t<div class=\"sow-slide-nav sow-slide-nav-next\">\n\t\t\t\t\t<a href=\"#\" data-goto=\"next\" aria-label=\"Next slide\" data-action=\"next\">\n\t\t\t\t\t\t<em class=\"sow-sld-icon-thin-right\"><\/em>\n\t\t\t\t\t<\/a>\n\t\t\t\t<\/div>\n\n\t\t\t\t<div class=\"sow-slide-nav sow-slide-nav-prev\">\n\t\t\t\t\t<a href=\"#\" data-goto=\"previous\" aria-label=\"Previous slide\" data-action=\"prev\">\n\t\t\t\t\t\t<em class=\"sow-sld-icon-thin-left\"><\/em>\n\t\t\t\t\t<\/a>\n\t\t\t\t<\/div>\n\t\t\t\t<\/div><\/div><\/div><\/div><\/div><\/div><div id=\"pg-3989-1\"  class=\"panel-grid panel-no-style\" ><div id=\"pgc-3989-1-0\"  class=\"panel-grid-cell\" ><div id=\"panel-3989-1-0-0\" class=\"so-panel widget widget_sow-headline panel-first-child\" data-index=\"1\" ><div\n\t\t\t\n\t\t\tclass=\"so-widget-sow-headline so-widget-sow-headline-default-c7f53436cd86-3989\"\n\t\t\t\n\t\t><div class=\"sow-headline-container \">\n\t\t\t\t\t\t\t<h4 class=\"sow-headline\">\n\t\t\t\t\t\t<b>  Fertigstellung des Ausbildungsrahmenplans f\u00fcr den Photovoltaik-Techniker, November 2018.<\/b>\t\t\t\t\t\t<\/h4>\n\t\t\t\t\t\t\t\t\t\t\t<div class=\"decoration\">\n\t\t\t\t\t\t<div class=\"decoration-inside\"><\/div>\n\t\t\t\t\t<\/div>\n\t\t\t\t\t<\/div>\n<\/div><\/div><div id=\"panel-3989-1-0-1\" class=\"so-panel widget widget_sow-editor\" data-index=\"2\" ><div\n\t\t\t\n\t\t\tclass=\"so-widget-sow-editor so-widget-sow-editor-base\"\n\t\t\t\n\t\t>\n<div class=\"siteorigin-widget-tinymce textwidget\">\n\t<p>Nach der Pr\u00e4sentation von PROMESS und der vorl\u00e4ufigen Version des Ausbildungsrahmenplans im Juli 2018 wurden Anpassungen vorgeschlagen und Elemente zum Unternehmertum, die auf das GERME-Modell zur\u00fcckgehen, hinzugef\u00fcgt.<\/p>\n<p>Die Ausbildung wurde in Form von Modulen neu kalibriert (M1 = Upgrade, M2 = SHS usw.). Dies bedeutet, dass die Ausbildung nicht mehr in einem einzigen, kontinuierlichen Block von mehreren Monaten stattfindet, sondern in Form von unabh\u00e4ngigen und progressiven Modulen, die zeitlich mit Praxis verbunden werden k\u00f6nnen. Dies hat zwangsl\u00e4ufig Auswirkungen auf den Ablauf und die Planung der Schulungen, bietet aber auch die M\u00f6glichkeit, die Module nach Bedarf und Nachfrage zu organisieren.<\/p>\n<\/div>\n<\/div><\/div><div id=\"panel-3989-1-0-2\" class=\"so-panel widget widget_sow-editor panel-last-child\" data-index=\"3\" ><div class=\"panel-widget-style panel-widget-style-for-3989-1-0-2\" ><div\n\t\t\t\n\t\t\tclass=\"so-widget-sow-editor so-widget-sow-editor-base\"\n\t\t\t\n\t\t>\n<div class=\"siteorigin-widget-tinymce textwidget\">\n\t<table style=\"height: 549px;\" width=\"1087\">\n<tbody>\n<tr>\n<td style=\"text-align: center;\" width=\"209\"><strong>Module<\/strong><\/td>\n<td style=\"text-align: center;\" width=\"206\"><strong>Kompetenzen in Photovoltaik<\/strong><\/td>\n<td style=\"text-align: center;\" width=\"190\"><strong>Unternehmerische F\u00e4higkeiten<\/strong><\/td>\n<\/tr>\n<tr>\n<td width=\"209\"><strong>Modul 1. Upgrade<\/strong><\/td>\n<td width=\"206\">Wissensbasis in Algebra, Franz\u00f6sisch, Ma\u00dfeinheiten, etc.<\/td>\n<td width=\"190\">Sich selbst im Hinblick auf den Beruf und den Ausbildungsansatz positionieren<\/td>\n<\/tr>\n<tr>\n<td width=\"209\"><strong>Modul 2. Solarsystem f\u00fcr den Hausgebrauch<\/strong><\/td>\n<td rowspan=\"2\" width=\"206\">Dimensionierung, Installation und Wartung<\/td>\n<td rowspan=\"2\" width=\"190\">Erstellen Sie einen Verkaufspreis, eine Rechnung und verfolgen Sie Ihre Aktivit\u00e4ten.<\/td>\n<\/tr>\n<tr>\n<td width=\"209\"><em>Leistung<\/em>: &lt; 1 kWp (mit kleinem Wechselrichter)<\/td>\n<\/tr>\n<tr>\n<td width=\"209\"><strong>Modul 3. Gewerbliche Einrichtungen, \u00f6ffentliche st\u00e4dtische oder l\u00e4ndliche Gemeinden<\/strong><\/td>\n<td rowspan=\"2\" width=\"206\">Dimensionierung, Installation und Wartung<\/td>\n<td rowspan=\"2\" width=\"190\">Planen Sie Ihr Gesch\u00e4ft und verstehen Sie die Umgebung (Markt, Werkzeuge, Vorschriften, etc.).<\/td>\n<\/tr>\n<tr>\n<td width=\"209\"><em>Leistung:<\/em> 1 - 20 kWp<\/td>\n<\/tr>\n<tr>\n<td width=\"209\"><strong>Modul 4. Hybridsystem, Netzanschluss, Pumpen<\/strong><\/td>\n<td rowspan=\"2\" width=\"206\">Beherrschung der 'Nicht-PV'-Variablen bei Solarpumpen und Netzen, Durchf\u00fchrung von technischen und wirtschaftlichen Studien und Verwaltung der Wartung<\/td>\n<td rowspan=\"2\" width=\"190\">Vorausschauende Planung und Steuerung der Aktivit\u00e4ten<\/td>\n<\/tr>\n<tr>\n<td width=\"209\"><em>Leistung<\/em>: 5 bis 6 kWp mit Diesel- oder Netz-Backup, 35 kWp mit Verkauf des \u00dcberschusses<\/td>\n<\/tr>\n<\/tbody>\n<\/table>\n<p>&nbsp;<\/p>\n<\/div>\n<\/div><\/div><\/div><\/div><\/div><div id=\"pg-3989-2\"  class=\"panel-grid panel-no-style\" ><div id=\"pgc-3989-2-0\"  class=\"panel-grid-cell panel-grid-cell-empty\" ><\/div><div id=\"pgc-3989-2-1\"  class=\"panel-grid-cell panel-grid-cell-mobile-last\" ><div id=\"panel-3989-2-1-0\" class=\"so-panel widget widget_sow-hero panel-first-child panel-last-child\" data-index=\"4\" ><div\n\t\t\t\n\t\t\tclass=\"so-widget-sow-hero so-widget-sow-hero-default-f751e77c822c-3989 so-widget-fittext-wrapper\"\n\t\t\t data-fit-text-compressor=\"0.85\"\n\t\t>\t\t\t\t<div class=\"sow-slider-base\" style=\"display: none\" tabindex=\"0\">\n\t\t\t\t\t<ul\n\t\t\t\t\tclass=\"sow-slider-images\"\n\t\t\t\t\tdata-settings=\"{&quot;pagination&quot;:true,&quot;speed&quot;:800,&quot;timeout&quot;:8000,&quot;paused&quot;:false,&quot;pause_on_hover&quot;:false,&quot;swipe&quot;:true,&quot;nav_always_show_desktop&quot;:&quot;&quot;,&quot;nav_always_show_mobile&quot;:&quot;&quot;,&quot;breakpoint&quot;:&quot;780px&quot;,&quot;unmute&quot;:false,&quot;anchor&quot;:null}\"\n\t\t\t\t\tstyle=\"min-height: 400px\"\t\t\t\t\tdata-anchor-id=\"\"\n\t\t\t\t>\t\t<li class=\"sow-slider-image  sow-slider-image-cover\" style=\"visibility: visible;;background-color: #333333;background-image: url(https:\/\/fondation-pvsyst.org\/wp-content\/uploads\/2019\/03\/DSC09242.jpg)\" >\n\t\t\t\t\t<div class=\"sow-slider-image-container\">\n\t\t\t<div class=\"sow-slider-image-wrapper\">\n\t\t\t\t\t\t\t<\/div>\n\t\t<\/div>\n\t\t\t\t<\/li>\n\t\t\t\t<li class=\"sow-slider-image  sow-slider-image-cover\" style=\"visibility: hidden;;background-color: #333333\" data-background=\"url(https:\/\/fondation-pvsyst.org\/wp-content\/uploads\/2019\/03\/DSC09189.jpg)\" >\n\t\t\t\t\t<div class=\"sow-slider-image-container\">\n\t\t\t<div class=\"sow-slider-image-wrapper\">\n\t\t\t\t\t\t\t<\/div>\n\t\t<\/div>\n\t\t\t\t<\/li>\n\t\t\t\t<li class=\"sow-slider-image  sow-slider-image-cover\" style=\"visibility: hidden;;background-color: #333333\" data-background=\"url(https:\/\/fondation-pvsyst.org\/wp-content\/uploads\/2019\/03\/DSC09180.jpg)\" >\n\t\t\t\t\t<div class=\"sow-slider-image-container\">\n\t\t\t<div class=\"sow-slider-image-wrapper\">\n\t\t\t\t\t\t\t<\/div>\n\t\t<\/div>\n\t\t\t\t<\/li>\n\t\t<\/ul>\t\t\t\t<ol class=\"sow-slider-pagination\">\n\t\t\t\t\t\t\t\t\t\t\t<li><a href=\"#\" data-goto=\"0\" aria-label=\"Display slide 1\"><\/a><\/li>\n\t\t\t\t\t\t\t\t\t\t\t<li><a href=\"#\" data-goto=\"1\" aria-label=\"Display slide 2\"><\/a><\/li>\n\t\t\t\t\t\t\t\t\t\t\t<li><a href=\"#\" data-goto=\"2\" aria-label=\"Display slide 3\"><\/a><\/li>\n\t\t\t\t\t\t\t\t\t<\/ol>\n\n\t\t\t\t<div class=\"sow-slide-nav sow-slide-nav-next\">\n\t\t\t\t\t<a href=\"#\" data-goto=\"next\" aria-label=\"Next slide\" data-action=\"next\">\n\t\t\t\t\t\t<em class=\"sow-sld-icon-thin-right\"><\/em>\n\t\t\t\t\t<\/a>\n\t\t\t\t<\/div>\n\n\t\t\t\t<div class=\"sow-slide-nav sow-slide-nav-prev\">\n\t\t\t\t\t<a href=\"#\" data-goto=\"previous\" aria-label=\"Previous slide\" data-action=\"prev\">\n\t\t\t\t\t\t<em class=\"sow-sld-icon-thin-left\"><\/em>\n\t\t\t\t\t<\/a>\n\t\t\t\t<\/div>\n\t\t\t\t<\/div><\/div><\/div><\/div><div id=\"pgc-3989-2-2\"  class=\"panel-grid-cell panel-grid-cell-empty\" ><\/div><\/div><\/div>","protected":false},"excerpt":{"rendered":"<p>Nach der Pr\u00e4sentation von PROMESS und der vorl\u00e4ufigen Version des Ausbildungsrahmenplans im Juli 2018 wurden Anpassungen vorgeschlagen und Elemente zum Unternehmertum, die auf das GERME-Modell zur\u00fcckgehen, hinzugef\u00fcgt. Die Ausbildung wurde in Form von Modulen neu kalibriert (M1 = Upgrade, M2 = SHS usw.). Dies bedeutet, dass die Ausbildung nicht mehr in einem einzigen, kontinuierlichen Block<\/p>\n","protected":false},"author":1,"featured_media":0,"parent":1558,"menu_order":0,"comment_status":"closed","ping_status":"closed","template":"","meta":{"footnotes":""},"class_list":["post-3989","page","type-page","status-publish","hentry"],"_links":{"self":[{"href":"https:\/\/fondation-pvsyst.org\/de\/wp-json\/wp\/v2\/pages\/3989","targetHints":{"allow":["GET"]}}],"collection":[{"href":"https:\/\/fondation-pvsyst.org\/de\/wp-json\/wp\/v2\/pages"}],"about":[{"href":"https:\/\/fondation-pvsyst.org\/de\/wp-json\/wp\/v2\/types\/page"}],"author":[{"embeddable":true,"href":"https:\/\/fondation-pvsyst.org\/de\/wp-json\/wp\/v2\/users\/1"}],"replies":[{"embeddable":true,"href":"https:\/\/fondation-pvsyst.org\/de\/wp-json\/wp\/v2\/comments?post=3989"}],"version-history":[{"count":1,"href":"https:\/\/fondation-pvsyst.org\/de\/wp-json\/wp\/v2\/pages\/3989\/revisions"}],"predecessor-version":[{"id":3991,"href":"https:\/\/fondation-pvsyst.org\/de\/wp-json\/wp\/v2\/pages\/3989\/revisions\/3991"}],"up":[{"embeddable":true,"href":"https:\/\/fondation-pvsyst.org\/de\/wp-json\/wp\/v2\/pages\/1558"}],"wp:attachment":[{"href":"https:\/\/fondation-pvsyst.org\/de\/wp-json\/wp\/v2\/media?parent=3989"}],"curies":[{"name":"wp","href":"https:\/\/api.w.org\/{rel}","templated":true}]}}