{"id":3906,"date":"2024-03-26T09:39:07","date_gmt":"2024-03-26T08:39:07","guid":{"rendered":"https:\/\/fondation-pvsyst.org\/preprod\/aktuelles\/aussichten-und-prospektionen-von-neuem\/"},"modified":"2024-06-27T10:14:09","modified_gmt":"2024-06-27T08:14:09","slug":"aussichten-und-prospektionen-von-neuem","status":"publish","type":"page","link":"https:\/\/fondation-pvsyst.org\/de\/aktuelles\/aussichten-und-prospektionen-von-neuem\/","title":{"rendered":"Ausblick und Erkundung neuer Projekte"},"content":{"rendered":"<div id=\"pl-3906\"  class=\"panel-layout\" ><div id=\"pg-3906-0\"  class=\"panel-grid panel-has-style\" ><div class=\"siteorigin-panels-stretch panel-row-style panel-row-style-for-3906-0\" data-stretch-type=\"full-stretched\" ><div id=\"pgc-3906-0-0\"  class=\"panel-grid-cell\" ><div id=\"panel-3906-0-0-0\" class=\"so-panel widget widget_sow-hero panel-first-child panel-last-child\" data-index=\"0\" ><div\n\t\t\t\n\t\t\tclass=\"so-widget-sow-hero so-widget-sow-hero-default-78d99ccfba76-3906 so-widget-fittext-wrapper\"\n\t\t\t data-fit-text-compressor=\"0.85\"\n\t\t>\t\t\t\t<div class=\"sow-slider-base\" style=\"display: none\" tabindex=\"0\">\n\t\t\t\t\t<ul\n\t\t\t\t\tclass=\"sow-slider-images\"\n\t\t\t\t\tdata-settings=\"{&quot;pagination&quot;:true,&quot;speed&quot;:800,&quot;timeout&quot;:8000,&quot;paused&quot;:false,&quot;pause_on_hover&quot;:false,&quot;swipe&quot;:true,&quot;nav_always_show_desktop&quot;:&quot;&quot;,&quot;nav_always_show_mobile&quot;:&quot;&quot;,&quot;breakpoint&quot;:&quot;780px&quot;,&quot;unmute&quot;:false,&quot;anchor&quot;:null}\"\n\t\t\t\t\tstyle=\"min-height: 300px\"\t\t\t\t\tdata-anchor-id=\"\"\n\t\t\t\t>\t\t<li class=\"sow-slider-image  sow-slider-image-cover\" style=\"visibility: visible;;background-color: #333333;background-image: url(https:\/\/fondation-pvsyst.org\/wp-content\/uploads\/2022\/10\/20220929_181531-scaled-e1666258490481.jpg)\" >\n\t\t\t\t\t<div class=\"sow-slider-image-container\">\n\t\t\t<div class=\"sow-slider-image-wrapper\">\n\t\t\t\t<h1 style=\"text-align: center\">Nachrichten<\/h1>\t\t\t<\/div>\n\t\t<\/div>\n\t\t\t\t<\/li>\n\t\t\t\t<li class=\"sow-slider-image  sow-slider-image-cover\" style=\"visibility: hidden;;background-color: #333333\" data-background=\"url(https:\/\/fondation-pvsyst.org\/wp-content\/uploads\/2017\/04\/Commune-de-Djiddah-Thiaroye-S\u00e9n\u00e9gal-2-e1491471627179.jpg)\" >\n\t\t\t\t\t<div class=\"sow-slider-image-container\">\n\t\t\t<div class=\"sow-slider-image-wrapper\">\n\t\t\t\t<h1 style=\"text-align: center\">Nachrichten<\/h1>\n\t\t\t<\/div>\n\t\t<\/div>\n\t\t\t\t<\/li>\n\t\t\t\t<li class=\"sow-slider-image  sow-slider-image-cover\" style=\"visibility: hidden;;background-color: #333333\" data-background=\"url(https:\/\/fondation-pvsyst.org\/wp-content\/uploads\/2022\/10\/20220930_203910-scaled.jpg)\" >\n\t\t\t\t\t<div class=\"sow-slider-image-container\">\n\t\t\t<div class=\"sow-slider-image-wrapper\">\n\t\t\t\t<h1 style=\"text-align: center\">Nachrichten<\/h1>\n\t\t\t<\/div>\n\t\t<\/div>\n\t\t\t\t<\/li>\n\t\t<\/ul>\t\t\t\t<ol class=\"sow-slider-pagination\">\n\t\t\t\t\t\t\t\t\t\t\t<li><a href=\"#\" data-goto=\"0\" aria-label=\"Display slide 1\"><\/a><\/li>\n\t\t\t\t\t\t\t\t\t\t\t<li><a href=\"#\" data-goto=\"1\" aria-label=\"Display slide 2\"><\/a><\/li>\n\t\t\t\t\t\t\t\t\t\t\t<li><a href=\"#\" data-goto=\"2\" aria-label=\"Display slide 3\"><\/a><\/li>\n\t\t\t\t\t\t\t\t\t<\/ol>\n\n\t\t\t\t<div class=\"sow-slide-nav sow-slide-nav-next\">\n\t\t\t\t\t<a href=\"#\" data-goto=\"next\" aria-label=\"Next slide\" data-action=\"next\">\n\t\t\t\t\t\t<em class=\"sow-sld-icon-thin-right\"><\/em>\n\t\t\t\t\t<\/a>\n\t\t\t\t<\/div>\n\n\t\t\t\t<div class=\"sow-slide-nav sow-slide-nav-prev\">\n\t\t\t\t\t<a href=\"#\" data-goto=\"previous\" aria-label=\"Previous slide\" data-action=\"prev\">\n\t\t\t\t\t\t<em class=\"sow-sld-icon-thin-left\"><\/em>\n\t\t\t\t\t<\/a>\n\t\t\t\t<\/div>\n\t\t\t\t<\/div><\/div><\/div><\/div><\/div><\/div><div id=\"pg-3906-1\"  class=\"panel-grid panel-no-style\" ><div id=\"pgc-3906-1-0\"  class=\"panel-grid-cell\" ><div id=\"panel-3906-1-0-0\" class=\"so-panel widget widget_sow-headline panel-first-child panel-last-child\" data-index=\"1\" ><div\n\t\t\t\n\t\t\tclass=\"so-widget-sow-headline so-widget-sow-headline-default-c6bae0e9f73a-3906\"\n\t\t\t\n\t\t><div class=\"sow-headline-container \">\n\t\t\t\t\t\t\t<h4 class=\"sow-headline\">\n\t\t\t\t\t\t<b>Ausblick und Erkundung neuer Projekte  <\/b>\t\t\t\t\t\t<\/h4>\n\t\t\t\t\t\t\t\t\t\t\t<div class=\"decoration\">\n\t\t\t\t\t\t<div class=\"decoration-inside\"><\/div>\n\t\t\t\t\t<\/div>\n\t\t\t\t\t<\/div>\n<\/div><\/div><\/div><\/div><div id=\"pg-3906-2\"  class=\"panel-grid panel-no-style\" ><div id=\"pgc-3906-2-0\"  class=\"panel-grid-cell\" ><div id=\"panel-3906-2-0-0\" class=\"so-panel widget widget_sow-editor panel-first-child panel-last-child\" data-index=\"2\" ><div\n\t\t\t\n\t\t\tclass=\"so-widget-sow-editor so-widget-sow-editor-base\"\n\t\t\t\n\t\t>\n<div class=\"siteorigin-widget-tinymce textwidget\">\n\t<p>Parallel zur Umsetzung (Senegal) oder der Einleitung einer neuen Finanzierungsphase (Kirgisistan) der von der Stiftung unterst\u00fctzten Projekte wurden verschiedene Schritte zur Entwicklung neuer Projekte unternommen.<\/p>\n<p>Austausch und Diskussionen erm\u00f6glichen die Planung eines zweiten Projekts in Kirgisistan, wieder in Verbindung mit CAMP Alatoo, dem Partner des PROMEE-Projekts. Die Stiftung k\u00f6nnte auch ein drittes Interventionsland er\u00f6ffnen, mit identifizierten M\u00f6glichkeiten in Jordanien, mit einem ziemlich interessanten allgemeinen Kontext.<\/p>\n<\/div>\n<\/div><\/div><\/div><\/div><div id=\"pg-3906-3\"  class=\"panel-grid panel-no-style\" ><div id=\"pgc-3906-3-0\"  class=\"panel-grid-cell\" ><div id=\"panel-3906-3-0-0\" class=\"so-panel widget widget_sow-headline panel-first-child panel-last-child\" data-index=\"3\" ><div\n\t\t\t\n\t\t\tclass=\"so-widget-sow-headline so-widget-sow-headline-default-29dda1a437a4-3906\"\n\t\t\t\n\t\t><div class=\"sow-headline-container \">\n\t\t\t\t\t\t\t<h4 class=\"sow-headline\">\n\t\t\t\t\t\t<b>Jordanien: ein g\u00fcnstiges Umfeld  <\/b>\t\t\t\t\t\t<\/h4>\n\t\t\t\t\t\t\t\t\t\t\t<div class=\"decoration\">\n\t\t\t\t\t\t<div class=\"decoration-inside\"><\/div>\n\t\t\t\t\t<\/div>\n\t\t\t\t\t<\/div>\n<\/div><\/div><\/div><\/div><div id=\"pg-3906-4\"  class=\"panel-grid panel-no-style\" ><div id=\"pgc-3906-4-0\"  class=\"panel-grid-cell\" ><div id=\"panel-3906-4-0-0\" class=\"so-panel widget widget_sow-editor panel-first-child panel-last-child\" data-index=\"4\" ><div\n\t\t\t\n\t\t\tclass=\"so-widget-sow-editor so-widget-sow-editor-base\"\n\t\t\t\n\t\t>\n<div class=\"siteorigin-widget-tinymce textwidget\">\n\t<p><strong>Mission der Stiftung in Jordanien<\/strong><\/p>\n<p>Der erste Kontakt mit der Masar Society for Environmental Development (MSED) wurde im Februar 2023 hergestellt. Nach verschiedenen Treffen und Diskussionen f\u00fchrte die Stiftung im Oktober 2023 eine Erkundungsmission durch.<\/p>\n<figure id=\"attachment_3310\" aria-describedby=\"caption-attachment-3310\" style=\"width: 555px\" class=\"wp-caption aligncenter\"><img loading=\"lazy\" decoding=\"async\" class=\"wp-image-3310\" src=\"http:\/\/fondation-pvsyst.org\/wp-content\/uploads\/2024\/03\/carte-jordanie-300x133.png\" alt=\"\" width=\"555\" height=\"246\" srcset=\"https:\/\/fondation-pvsyst.org\/wp-content\/uploads\/2024\/03\/carte-jordanie-300x133.png 300w, https:\/\/fondation-pvsyst.org\/wp-content\/uploads\/2024\/03\/carte-jordanie-310x138.png 310w, https:\/\/fondation-pvsyst.org\/wp-content\/uploads\/2024\/03\/carte-jordanie.png 756w\" sizes=\"auto, (max-width: 555px) 100vw, 555px\" \/><figcaption id=\"caption-attachment-3310\" class=\"wp-caption-text\">Die w\u00e4hrend der Mission in Jordanien besuchten Gebiete<\/figcaption><\/figure>\n<p>&nbsp;<\/p>\n<p>W\u00e4hrend des Besuchs wurden verschiedene Interessengruppen getroffen:<\/p>\n<ul>\n<li>Landwirte aus dem n\u00f6rdlichen und s\u00fcdlichen Jordantal<\/li>\n<li>Organisationen der Zivilgesellschaft, die im Bereich des Zugangs zu Energie und\/oder der Mikrofinanzierung t\u00e4tig sind.<\/li>\n<li>Technische Universit\u00e4ten und Ausbildungszentren f\u00fcr Photovoltaik<\/li>\n<li>Unternehmen, die Photovoltaik-Installationsdienste anbieten<\/li>\n<li>Gesch\u00e4fte f\u00fcr technische Ausr\u00fcstung und Material<\/li>\n<\/ul>\n<p>Der Anschluss an das Stromnetz betr\u00e4gt in Jordanien fast 100%. Der Nichtanschluss in den besuchten Gebieten betrifft haupts\u00e4chlich einige isolierte Bauernh\u00f6fe.<\/p>\n<p>Der Energiesektor ist jedoch f\u00fcr das Haschemitische K\u00f6nigreich Jordanien aufgrund seiner Importabh\u00e4ngigkeit lebenswichtig: 93% seines Gesamtenergiebedarfs im Jahr 2018 stammte aus ausl\u00e4ndischen Quellen.<\/p>\n<p>Infolgedessen wurde in den letzten Jahren eine proaktive Politik f\u00fcr erneuerbare Energien eingef\u00fchrt, die darauf abzielt, die Energiesicherheit durch die Diversifizierung der importierten Energiequellen und -formen und vor allem durch die Entwicklung und Nutzung lokaler und erneuerbarer Energiequellen zu erreichen.<\/p>\n<p>Unter diesen haben Wind- und Solarenergie ein gro\u00dfes Potenzial in Jordanien. In Bezug auf die Sonnenenergie ist das Land Teil des \"Solar Belt\", mit einer durchschnittlichen signifikanten Strahlung von 5 bis 7 KWh\/m2 pro Tag.<\/p>\n<figure id=\"attachment_3311\" aria-describedby=\"caption-attachment-3311\" style=\"width: 321px\" class=\"wp-caption aligncenter\"><img loading=\"lazy\" decoding=\"async\" class=\"wp-image-3311\" src=\"http:\/\/fondation-pvsyst.org\/wp-content\/uploads\/2024\/03\/map_Jordan-270x300.png\" alt=\"\" width=\"321\" height=\"356\" srcset=\"https:\/\/fondation-pvsyst.org\/wp-content\/uploads\/2024\/03\/map_Jordan-270x300.png 270w, https:\/\/fondation-pvsyst.org\/wp-content\/uploads\/2024\/03\/map_Jordan-310x344.png 310w, https:\/\/fondation-pvsyst.org\/wp-content\/uploads\/2024\/03\/map_Jordan.png 385w\" sizes=\"auto, (max-width: 321px) 100vw, 321px\" \/><figcaption id=\"caption-attachment-3311\" class=\"wp-caption-text\">Photovoltaik: ein bedeutendes Potenzial<\/figcaption><\/figure>\n<p>&nbsp;<\/p>\n<p><strong>Eine potenzielle Partnerschaft im Aufbau<\/strong><\/p>\n<p>Die Mission wurde mit der Unterst\u00fctzung von MSED durchgef\u00fchrt, die die Dynamik der nachhaltigen Entwicklung, der Umwelterziehung und der erneuerbaren Energien begleiten m\u00f6chte. Um diese Initiativen zu unterst\u00fctzen und Veranstaltungen zu diesen Themen zu beherbergen, schlie\u00dft MSED den Bau des \u00d6kodorfes \"Alya\" in Salt ab.<\/p>\n<\/div>\n<\/div><\/div><\/div><\/div><div id=\"pg-3906-5\"  class=\"panel-grid panel-no-style\" ><div id=\"pgc-3906-5-0\"  class=\"panel-grid-cell\" ><div id=\"panel-3906-5-0-0\" class=\"so-panel widget widget_sow-editor panel-first-child panel-last-child\" data-index=\"5\" ><div\n\t\t\t\n\t\t\tclass=\"so-widget-sow-editor so-widget-sow-editor-base\"\n\t\t\t\n\t\t>\n<div class=\"siteorigin-widget-tinymce textwidget\">\n\t<p><img loading=\"lazy\" decoding=\"async\" class=\"wp-image-3313 aligncenter\" src=\"http:\/\/fondation-pvsyst.org\/wp-content\/uploads\/2024\/03\/20231024_185645-300x146.jpg\" alt=\"\" width=\"470\" height=\"228\" srcset=\"https:\/\/fondation-pvsyst.org\/wp-content\/uploads\/2024\/03\/20231024_185645-300x146.jpg 300w, https:\/\/fondation-pvsyst.org\/wp-content\/uploads\/2024\/03\/20231024_185645-1024x498.jpg 1024w, https:\/\/fondation-pvsyst.org\/wp-content\/uploads\/2024\/03\/20231024_185645-768x373.jpg 768w, https:\/\/fondation-pvsyst.org\/wp-content\/uploads\/2024\/03\/20231024_185645-1536x747.jpg 1536w, https:\/\/fondation-pvsyst.org\/wp-content\/uploads\/2024\/03\/20231024_185645-2048x996.jpg 2048w, https:\/\/fondation-pvsyst.org\/wp-content\/uploads\/2024\/03\/20231024_185645-310x151.jpg 310w\" sizes=\"auto, (max-width: 470px) 100vw, 470px\" \/><\/p>\n<\/div>\n<\/div><\/div><\/div><div id=\"pgc-3906-5-1\"  class=\"panel-grid-cell\" ><div id=\"panel-3906-5-1-0\" class=\"so-panel widget widget_sow-editor panel-first-child panel-last-child\" data-index=\"6\" ><div\n\t\t\t\n\t\t\tclass=\"so-widget-sow-editor so-widget-sow-editor-base\"\n\t\t\t\n\t\t>\n<div class=\"siteorigin-widget-tinymce textwidget\">\n\t<p>&nbsp;<\/p>\n<p><img loading=\"lazy\" decoding=\"async\" class=\"wp-image-3312 aligncenter\" src=\"http:\/\/fondation-pvsyst.org\/wp-content\/uploads\/2024\/03\/20231024_185420-300x95.jpg\" alt=\"\" width=\"470\" height=\"149\" srcset=\"https:\/\/fondation-pvsyst.org\/wp-content\/uploads\/2024\/03\/20231024_185420-300x95.jpg 300w, https:\/\/fondation-pvsyst.org\/wp-content\/uploads\/2024\/03\/20231024_185420-1024x324.jpg 1024w, https:\/\/fondation-pvsyst.org\/wp-content\/uploads\/2024\/03\/20231024_185420-768x243.jpg 768w, https:\/\/fondation-pvsyst.org\/wp-content\/uploads\/2024\/03\/20231024_185420-1536x487.jpg 1536w, https:\/\/fondation-pvsyst.org\/wp-content\/uploads\/2024\/03\/20231024_185420-2048x649.jpg 2048w, https:\/\/fondation-pvsyst.org\/wp-content\/uploads\/2024\/03\/20231024_185420-310x98.jpg 310w\" sizes=\"auto, (max-width: 470px) 100vw, 470px\" \/><\/p>\n<\/div>\n<\/div><\/div><\/div><div id=\"pgc-3906-5-2\"  class=\"panel-grid-cell\" ><div id=\"panel-3906-5-2-0\" class=\"so-panel widget widget_sow-editor panel-first-child panel-last-child\" data-index=\"7\" ><div\n\t\t\t\n\t\t\tclass=\"so-widget-sow-editor so-widget-sow-editor-base\"\n\t\t\t\n\t\t>\n<div class=\"siteorigin-widget-tinymce textwidget\">\n\t<p><img loading=\"lazy\" decoding=\"async\" class=\"wp-image-3314 aligncenter\" src=\"http:\/\/fondation-pvsyst.org\/wp-content\/uploads\/2024\/03\/20231024_185806-300x146.jpg\" alt=\"\" width=\"470\" height=\"228\" srcset=\"https:\/\/fondation-pvsyst.org\/wp-content\/uploads\/2024\/03\/20231024_185806-300x146.jpg 300w, https:\/\/fondation-pvsyst.org\/wp-content\/uploads\/2024\/03\/20231024_185806-1024x498.jpg 1024w, https:\/\/fondation-pvsyst.org\/wp-content\/uploads\/2024\/03\/20231024_185806-768x373.jpg 768w, https:\/\/fondation-pvsyst.org\/wp-content\/uploads\/2024\/03\/20231024_185806-1536x747.jpg 1536w, https:\/\/fondation-pvsyst.org\/wp-content\/uploads\/2024\/03\/20231024_185806-2048x996.jpg 2048w, https:\/\/fondation-pvsyst.org\/wp-content\/uploads\/2024\/03\/20231024_185806-310x151.jpg 310w\" sizes=\"auto, (max-width: 470px) 100vw, 470px\" \/><\/p>\n<\/div>\n<\/div><\/div><\/div><\/div><div id=\"pg-3906-6\"  class=\"panel-grid panel-no-style\" ><div id=\"pgc-3906-6-0\"  class=\"panel-grid-cell\" ><div id=\"panel-3906-6-0-0\" class=\"so-panel widget widget_sow-editor panel-first-child panel-last-child\" data-index=\"8\" ><div\n\t\t\t\n\t\t\tclass=\"so-widget-sow-editor so-widget-sow-editor-base\"\n\t\t\t\n\t\t>\n<div class=\"siteorigin-widget-tinymce textwidget\">\n\t<p>Das Dorf wurde aus traditionellen, nachhaltigen Materialien (Holz, Erde, Steine) oder wiederverwendeten Materialien (Fensterrahmen, Glasflaschen etc.) gebaut. Die Website soll zeigen, dass es m\u00f6glich ist, in einer Zeit steigender Immobilienpreise kosteng\u00fcnstig und nachhaltig zu bauen.<\/p>\n<p>Die Unterk\u00fcnfte sind gr\u00f6\u00dftenteils fertig gestellt. Im Laufe der Zeit werden ein Konferenzraum, eine Werkstatt und eine Gemeinschaftsk\u00fcche die Einrichtung vervollst\u00e4ndigen, die f\u00fcr Seminare, Treffen und Schulungen genutzt werden soll.<\/p>\n<p><strong>Interventionsm\u00f6glichkeiten, die vertieft werden m\u00fcssen<\/strong><\/p>\n<p>Energie ist von entscheidender Bedeutung, insbesondere im landwirtschaftlichen Gebiet des Jordantals (u.a. f\u00fcr die Bew\u00e4sserung). In Verbindung mit dem Mangel an qualifizierten Solartechnikern auf dem Arbeitsmarkt zeigt sich, dass die Ausbildung von Photovoltaik-Fachleuten ein Schl\u00fcsselelement ist, um den Bed\u00fcrfnissen der Bev\u00f6lkerung gerecht zu werden und gleichzeitig potenzielle M\u00f6glichkeiten zur Schaffung von Aktivit\u00e4ten und Arbeitspl\u00e4tzen zu bieten.<\/p>\n<figure id=\"attachment_3339\" aria-describedby=\"caption-attachment-3339\" style=\"width: 370px\" class=\"wp-caption aligncenter\"><img loading=\"lazy\" decoding=\"async\" class=\"wp-image-3339\" src=\"http:\/\/fondation-pvsyst.org\/wp-content\/uploads\/2024\/03\/20231024_190823-300x146.jpg\" alt=\"\" width=\"370\" height=\"180\" srcset=\"https:\/\/fondation-pvsyst.org\/wp-content\/uploads\/2024\/03\/20231024_190823-300x146.jpg 300w, https:\/\/fondation-pvsyst.org\/wp-content\/uploads\/2024\/03\/20231024_190823-1024x498.jpg 1024w, https:\/\/fondation-pvsyst.org\/wp-content\/uploads\/2024\/03\/20231024_190823-768x373.jpg 768w, https:\/\/fondation-pvsyst.org\/wp-content\/uploads\/2024\/03\/20231024_190823-1536x747.jpg 1536w, https:\/\/fondation-pvsyst.org\/wp-content\/uploads\/2024\/03\/20231024_190823-2048x996.jpg 2048w, https:\/\/fondation-pvsyst.org\/wp-content\/uploads\/2024\/03\/20231024_190823-310x151.jpg 310w\" sizes=\"auto, (max-width: 370px) 100vw, 370px\" \/><figcaption id=\"caption-attachment-3339\" class=\"wp-caption-text\">Das Jordantal, das wichtigste landwirtschaftliche Gebiet des Landes<\/figcaption><\/figure>\n<p>&nbsp;<\/p>\n<p>Die Stiftung PVSYST plant daher Aktivit\u00e4ten in dieser Richtung, die den Bed\u00fcrfnissen der Bauern, der Haushalte im Tal, aber auch zuk\u00fcnftiger Berufst\u00e4tiger in einem Land, in dem junge Menschen besonders von Arbeitslosigkeit betroffen sind (40% bei den 15-24-J\u00e4hrigen), gerecht werden k\u00f6nnen. Parallel dazu wird die M\u00f6glichkeit in Betracht gezogen, Mechanismen zur finanziellen Unterst\u00fctzung des Zugangs zu Solarenergie zu entwickeln.<\/p>\n<p>Die Gespr\u00e4che mit MSED werden fortgesetzt und eine Vorstudie ist geplant, um die prim\u00e4re Bedarfsanalyse zu verfeinern und einige rechtliche und technische Fragen zu kl\u00e4ren.<\/p>\n<\/div>\n<\/div><\/div><\/div><\/div><div id=\"pg-3906-7\"  class=\"panel-grid panel-no-style\" ><div id=\"pgc-3906-7-0\"  class=\"panel-grid-cell\" ><div id=\"panel-3906-7-0-0\" class=\"so-panel widget widget_sow-headline panel-first-child panel-last-child\" data-index=\"9\" ><div\n\t\t\t\n\t\t\tclass=\"so-widget-sow-headline so-widget-sow-headline-default-29dda1a437a4-3906\"\n\t\t\t\n\t\t><div class=\"sow-headline-container \">\n\t\t\t\t\t\t\t<h4 class=\"sow-headline\">\n\t\t\t\t\t\t<b>Sondierung f\u00fcr ein K\u00fchlhausprojekt  <\/b>\t\t\t\t\t\t<\/h4>\n\t\t\t\t\t\t\t\t\t\t\t<div class=\"decoration\">\n\t\t\t\t\t\t<div class=\"decoration-inside\"><\/div>\n\t\t\t\t\t<\/div>\n\t\t\t\t\t<\/div>\n<\/div><\/div><\/div><\/div><div id=\"pg-3906-8\"  class=\"panel-grid panel-no-style\" ><div id=\"pgc-3906-8-0\"  class=\"panel-grid-cell\" ><div id=\"panel-3906-8-0-0\" class=\"so-panel widget widget_sow-editor panel-first-child panel-last-child\" data-index=\"10\" ><div\n\t\t\t\n\t\t\tclass=\"so-widget-sow-editor so-widget-sow-editor-base\"\n\t\t\t\n\t\t>\n<div class=\"siteorigin-widget-tinymce textwidget\">\n\t<p>Der regelm\u00e4\u00dfige Austausch mit CAMP, dem Partner f\u00fcr die Umsetzung des PROMEE-Projekts in Kirgisistan, hatte den Bedarf an K\u00fchllagerung f\u00fcr die Bauern- und Obstbauerngemeinschaften in der Gegend von Issyk-Kul deutlich gemacht. Da die Region f\u00fcr den Anbau von \u00c4pfeln, Birnen und Aprikosen geeignet ist, sind viele Bewohner dieser l\u00e4ndlichen Gebiete in der Produktion t\u00e4tig. \u00dcber dieses Projekt wurde bereits in einem <a href=\"https:\/\/fondation-pvsyst.org\/de\/aktuelles\/nachfolgemission-des-promee-projekts-in-kirgisistan-august-2023\/\">fr\u00fcheren Artikel<\/a> berichtet.<\/p>\n<p>Anfang Februar 2024 unterzeichneten CAMP und die Stiftung eine Kooperationsvereinbarung f\u00fcr den Beginn der Vorstudie. Ziel ist es, bestimmte Elemente, die w\u00e4hrend des Besuchs vor Ort festgestellt wurden, zu kl\u00e4ren und offene Punkte im Anschluss an den Besuch zu kl\u00e4ren.<\/p>\n<p>Die Studie ist auf 4 Monate angelegt und in 4 Komponenten unterteilt:<\/p>\n<ul>\n<li>\u00dcberblick \u00fcber die Situation: Lagerkapazit\u00e4t in der Zone, Bewertung der Produktionsmengen, Verkaufsschemata, Preisanalyse<\/li>\n<li>Befragung der Interessengruppen (lokale politische und administrative Beh\u00f6rden, Gemeinden) und Erstellung eines Modells f\u00fcr die partizipative F\u00fchrung der Struktur.<\/li>\n<li>Technische L\u00f6sungen: Energieversorgung und K\u00fchlsysteme, Relevanz der Nutzung von Photovoltaik.<\/li>\n<li>Eine Analyse des Gesch\u00e4ftsmodells: Investitionsmodell, Kapitalrendite, Finanzierungsmodell.<\/li>\n<\/ul>\n<p>Alle diese Elemente werden in einem Bericht zusammengefasst und analysiert, der als Vorl\u00e4ufer f\u00fcr die Entwicklung des Projekts dienen wird.<\/p>\n<\/div>\n<\/div><\/div><\/div><\/div><div id=\"pg-3906-9\"  class=\"panel-grid panel-no-style\" ><div id=\"pgc-3906-9-0\"  class=\"panel-grid-cell\" ><div id=\"panel-3906-9-0-0\" class=\"so-panel widget widget_sow-image-grid panel-first-child\" data-index=\"11\" ><div\n\t\t\t\n\t\t\tclass=\"so-widget-sow-image-grid so-widget-sow-image-grid-default-8bf08a9600e8-3906\"\n\t\t\t\n\t\t>\t<div\n\t\tclass=\"sow-image-grid-wrapper\"\n\t\t\t\t\t>\n\t\t\t\t\t<div class=\"sow-image-grid-image\">\n\t\t\t\t\t\t\t\t\t\t\t\t<img loading=\"lazy\" decoding=\"async\" width=\"150\" height=\"150\" src=\"https:\/\/fondation-pvsyst.org\/wp-content\/uploads\/2023\/11\/KGZ_0823-109-150x150.jpg\" class=\"sow-image-grid-image_html\" alt=\"\" title=\"KGZ_0823 (109)\" \/>\t\t\t\t\t\t\t\t\t\t\t<\/div>\n\t\t\t\t\t<div class=\"sow-image-grid-image\">\n\t\t\t\t\t\t\t\t\t\t\t\t<img loading=\"lazy\" decoding=\"async\" width=\"150\" height=\"150\" src=\"https:\/\/fondation-pvsyst.org\/wp-content\/uploads\/2023\/11\/KGZ_0823-108-150x150.jpg\" class=\"sow-image-grid-image_html\" alt=\"\" title=\"KGZ_0823 (108)\" \/>\t\t\t\t\t\t\t\t\t\t\t<\/div>\n\t\t\t\t\t<div class=\"sow-image-grid-image\">\n\t\t\t\t\t\t\t\t\t\t\t\t<img loading=\"lazy\" decoding=\"async\" width=\"150\" height=\"150\" src=\"https:\/\/fondation-pvsyst.org\/wp-content\/uploads\/2023\/11\/KGZ_0823-107-150x150.jpg\" class=\"sow-image-grid-image_html\" alt=\"\" title=\"KGZ_0823 (107)\" \/>\t\t\t\t\t\t\t\t\t\t\t<\/div>\n\t\t\t<\/div>\n<\/div><\/div><div id=\"panel-3906-9-0-1\" class=\"so-panel widget widget_sow-image-grid panel-last-child\" data-index=\"12\" ><div\n\t\t\t\n\t\t\tclass=\"so-widget-sow-image-grid so-widget-sow-image-grid-default-8bf08a9600e8-3906\"\n\t\t\t\n\t\t>\t<div\n\t\tclass=\"sow-image-grid-wrapper\"\n\t\t\t\t\t>\n\t\t\t\t\t<div class=\"sow-image-grid-image\">\n\t\t\t\t\t\t\t\t\t\t\t\t<img loading=\"lazy\" decoding=\"async\" width=\"150\" height=\"150\" src=\"https:\/\/fondation-pvsyst.org\/wp-content\/uploads\/2023\/11\/KGZ_0823-79-150x150.jpg\" class=\"sow-image-grid-image_html\" alt=\"\" title=\"KGZ_0823 (79)\" \/>\t\t\t\t\t\t\t\t\t\t\t<\/div>\n\t\t\t\t\t<div class=\"sow-image-grid-image\">\n\t\t\t\t\t\t\t\t\t\t\t\t<img loading=\"lazy\" decoding=\"async\" width=\"150\" height=\"150\" src=\"https:\/\/fondation-pvsyst.org\/wp-content\/uploads\/2023\/11\/KGZ_0823-75-150x150.jpg\" class=\"sow-image-grid-image_html\" alt=\"\" title=\"KGZ_0823 (75)\" \/>\t\t\t\t\t\t\t\t\t\t\t<\/div>\n\t\t\t\t\t<div class=\"sow-image-grid-image\">\n\t\t\t\t\t\t\t\t\t\t\t\t<img loading=\"lazy\" decoding=\"async\" width=\"150\" height=\"150\" src=\"https:\/\/fondation-pvsyst.org\/wp-content\/uploads\/2023\/11\/KGZ_0823-80-150x150.jpg\" class=\"sow-image-grid-image_html\" alt=\"\" title=\"KGZ_0823 (80)\" \/>\t\t\t\t\t\t\t\t\t\t\t<\/div>\n\t\t\t<\/div>\n<\/div><\/div><\/div><\/div><\/div>","protected":false},"excerpt":{"rendered":"<p>Nachrichten Nachrichten Nachrichten Ausblick und Erkundung neuer Projekte Parallel zur Umsetzung (Senegal) oder der Einleitung einer neuen Finanzierungsphase (Kirgisistan) der von der Stiftung unterst\u00fctzten Projekte wurden verschiedene Schritte zur Entwicklung neuer Projekte unternommen. Austausch und Diskussionen erm\u00f6glichen die Planung eines zweiten Projekts in Kirgisistan, wieder in Verbindung mit CAMP Alatoo, dem Partner des PROMEE-Projekts. Die<\/p>\n","protected":false},"author":1,"featured_media":0,"parent":1558,"menu_order":0,"comment_status":"closed","ping_status":"closed","template":"","meta":{"footnotes":""},"class_list":["post-3906","page","type-page","status-publish","hentry"],"_links":{"self":[{"href":"https:\/\/fondation-pvsyst.org\/de\/wp-json\/wp\/v2\/pages\/3906","targetHints":{"allow":["GET"]}}],"collection":[{"href":"https:\/\/fondation-pvsyst.org\/de\/wp-json\/wp\/v2\/pages"}],"about":[{"href":"https:\/\/fondation-pvsyst.org\/de\/wp-json\/wp\/v2\/types\/page"}],"author":[{"embeddable":true,"href":"https:\/\/fondation-pvsyst.org\/de\/wp-json\/wp\/v2\/users\/1"}],"replies":[{"embeddable":true,"href":"https:\/\/fondation-pvsyst.org\/de\/wp-json\/wp\/v2\/comments?post=3906"}],"version-history":[{"count":1,"href":"https:\/\/fondation-pvsyst.org\/de\/wp-json\/wp\/v2\/pages\/3906\/revisions"}],"predecessor-version":[{"id":4079,"href":"https:\/\/fondation-pvsyst.org\/de\/wp-json\/wp\/v2\/pages\/3906\/revisions\/4079"}],"up":[{"embeddable":true,"href":"https:\/\/fondation-pvsyst.org\/de\/wp-json\/wp\/v2\/pages\/1558"}],"wp:attachment":[{"href":"https:\/\/fondation-pvsyst.org\/de\/wp-json\/wp\/v2\/media?parent=3906"}],"curies":[{"name":"wp","href":"https:\/\/api.w.org\/{rel}","templated":true}]}}